{"id":4044,"date":"2022-01-17T15:43:00","date_gmt":"2022-01-17T14:43:00","guid":{"rendered":"https:\/\/heike-dahms.ch\/stage\/?page_id=4044"},"modified":"2025-09-10T06:31:12","modified_gmt":"2025-09-10T05:31:12","slug":"ueber-mich","status":"publish","type":"page","link":"https:\/\/heike-dahms.ch\/stage\/index.php\/ueber-mich\/","title":{"rendered":"\u00dcber mich"},"content":{"rendered":"<h1><strong>Heike Dahms<\/strong><\/h1>\n<h4>\u00a0<\/h4>\n<h4><strong>Mein Motto<\/strong><\/h4>\n<p><strong>Jeder Mensch ist ein Individuum mit unz\u00e4hligen Facetten und M\u00f6glichkeiten.<\/strong><br \/>\n<strong>Wecke sie in Dir und entfalte Dich!<\/strong><\/p>\n<p>&nbsp;<\/p>\n<p><img loading=\"lazy\" decoding=\"async\" class=\"\" src=\"https:\/\/heike-dahms.ch\/stage\/wp-content\/uploads\/2022\/09\/20200524_Heike_Dahms_02_1600x2000px.jpg\" width=\"213\" height=\"267\" \/>\u00a0 <a href=\"https:\/\/heike-dahms.ch\/stage\/wp-content\/uploads\/2022\/09\/OdA_KT_Label_DE_Diplom.png\" target=\"_blank\" rel=\"noopener noreferrer\"><img loading=\"lazy\" decoding=\"async\" class=\"alignnone wp-image-4308\" src=\"https:\/\/heike-dahms.ch\/stage\/wp-content\/uploads\/2022\/09\/OdA_KT_Label_DE_Diplom-300x300.png\" alt=\"Label OdA KT\" width=\"204\" height=\"204\" srcset=\"https:\/\/heike-dahms.ch\/stage\/wp-content\/uploads\/2022\/09\/OdA_KT_Label_DE_Diplom-300x300.png 300w, https:\/\/heike-dahms.ch\/stage\/wp-content\/uploads\/2022\/09\/OdA_KT_Label_DE_Diplom-150x150.png 150w, https:\/\/heike-dahms.ch\/stage\/wp-content\/uploads\/2022\/09\/OdA_KT_Label_DE_Diplom-768x768.png 768w, https:\/\/heike-dahms.ch\/stage\/wp-content\/uploads\/2022\/09\/OdA_KT_Label_DE_Diplom-1024x1024.png 1024w, https:\/\/heike-dahms.ch\/stage\/wp-content\/uploads\/2022\/09\/OdA_KT_Label_DE_Diplom-311x311.png 311w, https:\/\/heike-dahms.ch\/stage\/wp-content\/uploads\/2022\/09\/OdA_KT_Label_DE_Diplom.png 1582w\" sizes=\"auto, (max-width: 204px) 100vw, 204px\" \/><\/a>\u00a0 <a href=\"http:\/\/www.anthromed.de\" target=\"_blank\" rel=\"noopener\"><img loading=\"lazy\" decoding=\"async\" class=\"alignnone  wp-image-14174\" src=\"https:\/\/heike-dahms.ch\/stage\/wp-content\/uploads\/2024\/04\/Logo_AnthroMed_KUNSTTHERAPIEN_RGB-300x212.jpg\" alt=\"Logo AnthroMed\" width=\"260\" height=\"184\" srcset=\"https:\/\/heike-dahms.ch\/stage\/wp-content\/uploads\/2024\/04\/Logo_AnthroMed_KUNSTTHERAPIEN_RGB-300x212.jpg 300w, https:\/\/heike-dahms.ch\/stage\/wp-content\/uploads\/2024\/04\/Logo_AnthroMed_KUNSTTHERAPIEN_RGB-1024x724.jpg 1024w, https:\/\/heike-dahms.ch\/stage\/wp-content\/uploads\/2024\/04\/Logo_AnthroMed_KUNSTTHERAPIEN_RGB-768x543.jpg 768w, https:\/\/heike-dahms.ch\/stage\/wp-content\/uploads\/2024\/04\/Logo_AnthroMed_KUNSTTHERAPIEN_RGB-1536x1086.jpg 1536w, https:\/\/heike-dahms.ch\/stage\/wp-content\/uploads\/2024\/04\/Logo_AnthroMed_KUNSTTHERAPIEN_RGB-2048x1448.jpg 2048w, https:\/\/heike-dahms.ch\/stage\/wp-content\/uploads\/2024\/04\/Logo_AnthroMed_KUNSTTHERAPIEN_RGB-424x300.jpg 424w\" sizes=\"auto, (max-width: 260px) 100vw, 260px\" \/><\/a><\/p>\n<p>Kunsttherapeutin ED, Supervisorin, Lehrtherapeutin, Mentorin, Komplement\u00e4rtherapeutin ED<br \/>\nRhythmische Masseurin nach Dr. med. Ita Wegman,<br \/>\nStr\u00f6mungsmasseurin nach Dr. med. Simeon Pressel,\u00a0<br \/>\nAusbilderin FA,\u00a0eidg. Dipl. Ausbildungsleiterin<br \/>\nDipl. Lerndidaktikerin, Dipl. Legasthenietrainerin, Dipl. Dyskalkulietrainerin<strong><br \/>\n<\/strong><\/p>\n<p>&nbsp;<\/p>\n<p><a href=\"https:\/\/heike-dahms.ch\/stage\/wp-content\/uploads\/2024\/02\/1059504_Heike_Dahms_Flyer_KST_2024.pdf\" target=\"_blank\" rel=\"noopener\"><strong>Download Flyer Heike Dahms \u2013 Kunsttherapie (PDF)<\/strong><\/a><\/p>\n<p><a href=\"https:\/\/heike-dahms.ch\/stage\/wp-content\/uploads\/2024\/02\/1059504_Heike_Dahms_Flyer_Massage_2024.pdf\" target=\"_blank\" rel=\"noopener\"><strong>Download Flyer Heike Dahms \u2013 Massage (PDF)<\/strong><\/a><\/p>\n<p>&nbsp;<\/p>\n<table style=\"width: 100%; height: 342px;\" border=\"0\">\n<tbody>\n<tr style=\"height: 18px;\">\n<td style=\"height: 18px;\">seit 2025<\/td>\n<td style=\"height: 18px;\">Erfolgreicher Abschluss der Therapiebegleithundausbildung und Schulhundausbildung mit Therapiebegleithund Finja \u2013 <a href=\"https:\/\/www.helferhund.ch\/teams\/ausgebildete-teams-2025\" target=\"_blank\" rel=\"noopener\">www.helferhund.ch<\/a><\/td>\n<\/tr>\n<tr style=\"height: 18px;\">\n<td style=\"height: 18px;\">seit 2021<\/td>\n<td style=\"height: 18px;\">Komplement\u00e4rtherapeutin ED<\/td>\n<\/tr>\n<tr style=\"height: 18px;\">\n<td style=\"height: 18px;\">seit 2021<\/td>\n<td style=\"height: 18px;\">Dipl. Lerndidaktikerin, Dipl. Legasthenietrainerin, Dipl. Dyskalkulietrainerin<\/td>\n<\/tr>\n<tr style=\"height: 18px;\">\n<td style=\"height: 18px;\">seit 2016<\/td>\n<td style=\"height: 18px;\">OdA ARTECURA: Supervisorin, Lehrtherapeutin, Mentorin<\/td>\n<\/tr>\n<tr style=\"height: 18px;\">\n<td style=\"height: 18px;\">seit 2011<\/td>\n<td style=\"height: 18px;\">Kunsttherapeutin ED<\/td>\n<\/tr>\n<tr style=\"height: 18px;\">\n<td style=\"height: 18px;\">seit 2010<\/td>\n<td style=\"height: 18px;\">Expertin eidg. Pr\u00fcfungen<\/td>\n<\/tr>\n<tr style=\"height: 18px;\">\n<td style=\"height: 18px;\">seit 2007<\/td>\n<td style=\"height: 18px;\">selbst\u00e4ndige T\u00e4tigkeit im Chalet Elim, Lehrauftr\u00e4ge in kunsttherapeutischen und heilp\u00e4dagogischen Ausbildungen<\/td>\n<\/tr>\n<tr style=\"height: 18px;\">\n<td style=\"height: 18px;\">2009<\/td>\n<td style=\"height: 18px;\">eidg. dipl. Ausbildungsleiterin<\/td>\n<\/tr>\n<tr style=\"height: 18px;\">\n<td style=\"height: 18px;\">2008<\/td>\n<td style=\"height: 18px;\">Werk- und Kunstlehrerin (bildnerisches Gestalten) mit erstem Staatsexamen, Freie Hochschule Stuttgart<\/td>\n<\/tr>\n<tr style=\"height: 18px;\">\n<td style=\"height: 18px;\">2007<\/td>\n<td style=\"height: 18px;\">Fachausweis Ausbilderin\/Erwachsenenbilderin<\/td>\n<\/tr>\n<tr style=\"height: 18px;\">\n<td style=\"height: 18px;\">1996\u20132003<\/td>\n<td style=\"height: 18px;\">Ausbildung und Aus\u00fcbung der Rhythmischen Massage nach Dr. med. Ita Wegman<\/td>\n<\/tr>\n<tr style=\"height: 18px;\">\n<td style=\"height: 18px;\">1993\u20131996<\/td>\n<td style=\"height: 18px;\">Ausbildung in Wickel, Auflagen, Einreibungen, Bachbl\u00fcten nach Dietm.-Kr\u00e4mer<\/td>\n<\/tr>\n<tr style=\"height: 18px;\">\n<td style=\"height: 18px;\">1991\u20131993<\/td>\n<td style=\"height: 18px;\">Ausbildung in \u00d6ldispersionsheilb\u00e4dern bei Herr und Frau Junge, Jungebad<\/td>\n<\/tr>\n<tr style=\"height: 18px;\">\n<td style=\"height: 18px;\">1989\u20131992<\/td>\n<td style=\"height: 18px;\">Ausbildung in Str\u00f6mungsmassage nach Dr. med. Simeon Pressel<\/td>\n<\/tr>\n<tr style=\"height: 18px;\">\n<td style=\"height: 18px;\">1988\u20131989<\/td>\n<td style=\"height: 18px;\">Kunsttherapieausbildung bei Raoul Ratnowsky und Elke Dominik<\/td>\n<\/tr>\n<tr style=\"height: 18px;\">\n<td style=\"height: 18px;\">1983\u20131987<\/td>\n<td style=\"height: 18px;\">Werklehrerausbildung am Goetheanum<\/td>\n<\/tr>\n<tr style=\"height: 36px;\">\n<td style=\"height: 36px;\">seit 1982<\/td>\n<td style=\"height: 36px;\">Sozialtherapeutische und p\u00e4dagogische Studien. Ausbildung und T\u00e4tigkeit im p\u00e4dagogischen und therapeutischen Bereich in Schulen, Kliniken, sozialtherapeutischen Institutionen und in freier Praxis<\/td>\n<\/tr>\n<tr style=\"height: 18px;\">\n<td style=\"height: 18px;\">\u00a0<\/td>\n<td style=\"height: 18px;\">geboren 1963; 1982 Abitur<\/td>\n<\/tr>\n<\/tbody>\n<\/table>\n","protected":false},"excerpt":{"rendered":"<p>Heike Dahms \u00a0 Mein Motto Jeder Mensch ist ein Individuum mit unz\u00e4hligen Facetten und M\u00f6glichkeiten. Wecke sie in Dir und entfalte Dich! &nbsp; \u00a0 \u00a0 Kunsttherapeutin ED, Supervisorin, Lehrtherapeutin, Mentorin, Komplement\u00e4rtherapeutin ED Rhythmische Masseurin nach Dr. med. Ita Wegman, Str\u00f6mungsmasseurin &hellip; <a class=\"more-link\" href=\"https:\/\/heike-dahms.ch\/stage\/index.php\/ueber-mich\/\">Weiterlesen <span class=\"meta-nav\">&rarr;<\/span><\/a><\/p>\n","protected":false},"author":3,"featured_media":0,"parent":0,"menu_order":0,"comment_status":"closed","ping_status":"closed","template":"","meta":{"footnotes":""},"class_list":["post-4044","page","type-page","status-publish","hentry"],"acf":[],"_links":{"self":[{"href":"https:\/\/heike-dahms.ch\/stage\/index.php\/wp-json\/wp\/v2\/pages\/4044","targetHints":{"allow":["GET"]}}],"collection":[{"href":"https:\/\/heike-dahms.ch\/stage\/index.php\/wp-json\/wp\/v2\/pages"}],"about":[{"href":"https:\/\/heike-dahms.ch\/stage\/index.php\/wp-json\/wp\/v2\/types\/page"}],"author":[{"embeddable":true,"href":"https:\/\/heike-dahms.ch\/stage\/index.php\/wp-json\/wp\/v2\/users\/3"}],"replies":[{"embeddable":true,"href":"https:\/\/heike-dahms.ch\/stage\/index.php\/wp-json\/wp\/v2\/comments?post=4044"}],"version-history":[{"count":33,"href":"https:\/\/heike-dahms.ch\/stage\/index.php\/wp-json\/wp\/v2\/pages\/4044\/revisions"}],"predecessor-version":[{"id":14921,"href":"https:\/\/heike-dahms.ch\/stage\/index.php\/wp-json\/wp\/v2\/pages\/4044\/revisions\/14921"}],"wp:attachment":[{"href":"https:\/\/heike-dahms.ch\/stage\/index.php\/wp-json\/wp\/v2\/media?parent=4044"}],"curies":[{"name":"wp","href":"https:\/\/api.w.org\/{rel}","templated":true}]}}